{"id":272,"date":"2026-08-01T17:04:18","date_gmt":"2026-08-01T15:04:18","guid":{"rendered":"https:\/\/temp.hufak.net\/?page_id=272"},"modified":"2026-08-28T13:31:07","modified_gmt":"2026-08-28T11:31:07","slug":"who","status":"publish","type":"page","link":"https:\/\/temp.hufak.net\/en\/about\/who\/","title":{"rendered":"Who is Hufak?"},"content":{"rendered":"\n<figure class=\"wp-block-image size-full\"><img loading=\"lazy\" decoding=\"async\" width=\"1024\" height=\"768\" src=\"https:\/\/temp.hufak.net\/wp-content\/uploads\/2026\/07\/image-1.png\" alt=\"\" class=\"wp-image-187\" srcset=\"https:\/\/temp.hufak.net\/wp-content\/uploads\/2026\/07\/image-1.png 1024w, https:\/\/temp.hufak.net\/wp-content\/uploads\/2026\/07\/image-1-300x225.png 300w, https:\/\/temp.hufak.net\/wp-content\/uploads\/2026\/07\/image-1-768x576.png 768w, https:\/\/temp.hufak.net\/wp-content\/uploads\/2026\/07\/image-1-16x12.png 16w\" sizes=\"auto, (max-width: 1024px) 100vw, 1024px\" \/><\/figure>\n\n\n\n<p>Democratic participation at the university thrives on the engagement of its students. Around 20 student representatives at the level of the university representation and another 80 or so in the study programme representatives and study commissions actively shape the university and are the first point of contact for students&#8217; concerns, questions, and ideas.<\/p>\n\n\n\n<p>On this page you will find all current student representatives. More information about their tasks, the various committees, and their contact details can be found under <a href=\"\/?page_id=248\">organisation<\/a>.<\/p>\n\n\n\n<div class=\"wp-block-group is-content-justification-right is-nowrap is-layout-flex wp-container-core-group-is-layout-17124a9a wp-block-group-is-layout-flex\">\n<p>Last updated:<\/p>\n\n\n<div class=\"wp-block-post-date__modified-date wp-block-post-date\"><time datetime=\"2026-08-28T13:31:07+02:00\">August 28, 2026<\/time><\/div><\/div>\n\n\n\n<h2 class=\"wp-block-heading\" id=\"uv\">University representation (UV)<\/h2>\n\n\n\n<p>At the last \u00d6H election only one list ran for the university representation, consequently all 9 mandates come from this list.<\/p>\n\n\n\n<div class=\"wp-block-group is-layout-grid wp-container-core-group-is-layout-8da69725 wp-block-group-is-layout-grid\">\n<p>Benjamin Laabmayr<\/p>\n\n\n\n<p class=\"wp-container-content-22a8b0d6\">Erfan Khosravi<\/p>\n\n\n\n<p>Frederike Gordillo<\/p>\n\n\n\n<p class=\"wp-container-content-22a8b0d6\">Iris C\u00eerlan<\/p>\n\n\n\n<p class=\"wp-container-content-22a8b0d6\">Kevin Stadler<\/p>\n\n\n\n<p>Mathias Leberbauer<\/p>\n\n\n\n<p>Pasha Kogan<\/p>\n\n\n\n<p>Peter Fuchshuber<\/p>\n\n\n\n<p>Sara Anzola<\/p>\n<\/div>\n\n\n\n<h3 class=\"wp-block-heading\">Chair team<\/h3>\n\n\n\n<ul class=\"wp-block-list\">\n<li>Chairperson: Kevin Stadler<\/li>\n\n\n\n<li>First deputy chairperson: Iris C\u00eerlan<\/li>\n\n\n\n<li>Second deputy chairperson Erfan Khosravi<\/li>\n<\/ul>\n\n\n\n<h3 class=\"wp-block-heading\">Departments<\/h3>\n\n\n\n<p>Heads of departments in <strong>bold<\/strong>:<\/p>\n\n\n\n<div class=\"wp-block-group is-layout-grid wp-container-core-group-is-layout-bcb8ac2c wp-block-group-is-layout-grid\">\n<div class=\"wp-block-group is-layout-grid wp-container-core-group-is-layout-478b6e6b wp-block-group-is-layout-grid\">\n<h4 class=\"wp-block-heading wp-container-content-69bc4bdf\" id=\"bipol\">Education &amp; Politics (BiPol)<\/h4>\n\n\n\n<ul class=\"wp-block-list\">\n<li><strong>Branko Bekavac<\/strong><\/li>\n\n\n\n<li>Phin Anibal<\/li>\n<\/ul>\n\n\n\n<p><\/p>\n<\/div>\n\n\n\n<div class=\"wp-block-group is-layout-grid wp-container-core-group-is-layout-8da69725 wp-block-group-is-layout-grid\">\n<h4 class=\"wp-block-heading wp-container-content-22a8b0d6\">Art &amp; Theory<\/h4>\n\n\n\n<ul class=\"wp-block-list\">\n<li><strong>Peter Fuchshuber<\/strong><\/li>\n\n\n\n<li>Frederike Gordillo<\/li>\n<\/ul>\n\n\n\n<p><\/p>\n<\/div>\n\n\n\n<div class=\"wp-block-group is-layout-grid wp-container-core-group-is-layout-478b6e6b wp-block-group-is-layout-grid\">\n<h4 class=\"wp-block-heading wp-container-content-69bc4bdf\">PR &amp; Social Media<\/h4>\n\n\n\n<ul class=\"wp-block-list\">\n<li><strong>Henriette Sonntag<\/strong><\/li>\n\n\n\n<li>David Obradovic<\/li>\n<\/ul>\n\n\n\n<p><\/p>\n<\/div>\n\n\n\n<div class=\"wp-block-group is-layout-grid wp-container-core-group-is-layout-478b6e6b wp-block-group-is-layout-grid\">\n<h4 class=\"wp-block-heading wp-container-content-69bc4bdf\">Intersectional Queerfeminism<\/h4>\n\n\n\n<ul class=\"wp-block-list\">\n<li><strong>Fanny Dobler<\/strong><\/li>\n\n\n\n<li>Anna Rupp<\/li>\n<\/ul>\n\n\n\n<p><\/p>\n<\/div>\n\n\n\n<div class=\"wp-block-group is-layout-grid wp-container-core-group-is-layout-478b6e6b wp-block-group-is-layout-grid\">\n<h4 class=\"wp-block-heading wp-container-content-69bc4bdf\">Infrastructure<\/h4>\n\n\n\n<ul class=\"wp-block-list\">\n<li><strong>Sascha Mandziuk<\/strong><\/li>\n\n\n\n<li>Sophie Loesch<\/li>\n<\/ul>\n\n\n\n<p><\/p>\n<\/div>\n\n\n\n<div class=\"wp-block-group is-layout-grid wp-container-core-group-is-layout-478b6e6b wp-block-group-is-layout-grid\">\n<h4 class=\"wp-block-heading wp-container-content-69bc4bdf\">Social Affairs<\/h4>\n\n\n\n<ul class=\"wp-block-list\">\n<li><strong>Sara Anzola<\/strong><\/li>\n\n\n\n<li>Noah Destree<\/li>\n<\/ul>\n\n\n\n<p><\/p>\n<\/div>\n\n\n\n<div class=\"wp-block-group is-layout-grid wp-container-core-group-is-layout-478b6e6b wp-block-group-is-layout-grid\">\n<h4 class=\"wp-block-heading wp-container-content-69bc4bdf\">IT &amp; digital infrastructure<\/h4>\n\n\n\n<ul class=\"wp-block-list\">\n<li><strong>Kevin Mohammed<\/strong><\/li>\n<\/ul>\n\n\n\n<p><\/p>\n<\/div>\n\n\n\n<div class=\"wp-block-group is-layout-grid wp-container-core-group-is-layout-478b6e6b wp-block-group-is-layout-grid\">\n<h4 class=\"wp-block-heading wp-container-content-69bc4bdf\">Classism<\/h4>\n\n\n\n<ul class=\"wp-block-list\">\n<li><strong>Sara Karimi<\/strong><\/li>\n\n\n\n<li>Xavi Sosa<\/li>\n<\/ul>\n\n\n\n<p><\/p>\n<\/div>\n\n\n\n<div class=\"wp-block-group wp-container-content-d2eb3c98 is-layout-grid wp-container-core-group-is-layout-478b6e6b wp-block-group-is-layout-grid\">\n<h4 class=\"wp-block-heading wp-container-content-69bc4bdf\">International Students<\/h4>\n\n\n\n<ul class=\"wp-block-list\">\n<li><strong>Pasha Kogan<\/strong><\/li>\n\n\n\n<li>Desmond Lee<\/li>\n\n\n\n<li>Diana Kho<\/li>\n<\/ul>\n\n\n\n<p><\/p>\n<\/div>\n\n\n\n<div class=\"wp-block-group is-layout-grid wp-container-core-group-is-layout-478b6e6b wp-block-group-is-layout-grid\">\n<h4 class=\"wp-block-heading wp-container-content-69bc4bdf\" id=\"wiref\">Financial Affairs<\/h4>\n\n\n\n<ul class=\"wp-block-list\">\n<li><strong>Mathias Leberbauer<\/strong><\/li>\n\n\n\n<li>Valentin Bauer<\/li>\n\n\n\n<li>Lenz Dreher<\/li>\n<\/ul>\n\n\n\n<p><\/p>\n<\/div>\n\n\n\n<p><\/p>\n\n\n\n<p><\/p>\n<\/div>\n\n\n\n<h2 class=\"wp-block-heading\">Studienvertretungen (StVs)<\/h2>\n\n\n\n<p>The last election results can be found on the <a href=\"https:\/\/angewandte.at\/wahlkommission\">website of the Wahlkommission<\/a>.<\/p>\n\n\n\n<div class=\"wp-block-group is-layout-grid wp-container-core-group-is-layout-bcb8ac2c wp-block-group-is-layout-grid\">\n<div class=\"wp-block-group is-layout-grid wp-container-core-group-is-layout-bcb8ac2c wp-block-group-is-layout-grid\">\n<h3 class=\"wp-block-heading wp-container-content-d2eb3c98\">Architektur<\/h3>\n\n\n\n<ul class=\"wp-block-list\">\n<li><\/li>\n<\/ul>\n\n\n\n<p><\/p>\n<\/div>\n\n\n\n<div class=\"wp-block-group is-layout-grid wp-container-core-group-is-layout-478b6e6b wp-block-group-is-layout-grid\">\n<h3 class=\"wp-block-heading wp-container-content-69bc4bdf\">Art &amp; Science<\/h3>\n\n\n\n<ul class=\"wp-block-list\">\n<li>Phin Anibal *<\/li>\n<\/ul>\n\n\n\n<p><\/p>\n<\/div>\n\n\n\n<div class=\"wp-block-group is-layout-grid wp-container-core-group-is-layout-478b6e6b wp-block-group-is-layout-grid\">\n<h3 class=\"wp-block-heading wp-container-content-69bc4bdf\">Bildende Kunst<\/h3>\n\n\n\n<ul class=\"wp-block-list\">\n<li><\/li>\n<\/ul>\n\n\n\n<p><\/p>\n<\/div>\n\n\n\n<div class=\"wp-block-group is-layout-grid wp-container-core-group-is-layout-478b6e6b wp-block-group-is-layout-grid\">\n<h3 class=\"wp-block-heading wp-container-content-69bc4bdf\">B\u00fchnengestaltung<\/h3>\n\n\n\n<ul class=\"wp-block-list\">\n<li><\/li>\n<\/ul>\n\n\n\n<p><\/p>\n<\/div>\n\n\n\n<div class=\"wp-block-group is-layout-grid wp-container-core-group-is-layout-478b6e6b wp-block-group-is-layout-grid\">\n<h3 class=\"wp-block-heading wp-container-content-69bc4bdf\">Cross-Disciplinary Strategies<\/h3>\n\n\n\n<ul class=\"wp-block-list\">\n<li><\/li>\n<\/ul>\n\n\n\n<p><\/p>\n<\/div>\n\n\n\n<div class=\"wp-block-group is-layout-grid wp-container-core-group-is-layout-478b6e6b wp-block-group-is-layout-grid\">\n<h3 class=\"wp-block-heading wp-container-content-69bc4bdf\">Design (Diplom)<\/h3>\n\n\n\n<ul class=\"wp-block-list\">\n<li><\/li>\n<\/ul>\n\n\n\n<p><\/p>\n<\/div>\n\n\n\n<div class=\"wp-block-group is-layout-grid wp-container-core-group-is-layout-478b6e6b wp-block-group-is-layout-grid\">\n<h3 class=\"wp-block-heading wp-container-content-69bc4bdf\">Doktorat: k\u00fcnstlerische Forschung<\/h3>\n\n\n\n<ul class=\"wp-block-list\">\n<li><\/li>\n<\/ul>\n\n\n\n<p><\/p>\n<\/div>\n\n\n\n<div class=\"wp-block-group is-layout-grid wp-container-core-group-is-layout-478b6e6b wp-block-group-is-layout-grid\">\n<h3 class=\"wp-block-heading wp-container-content-69bc4bdf\">Doktorat: wissenschaftlich &amp; technisch<\/h3>\n\n\n\n<ul class=\"wp-block-list\">\n<li>Martina Lang *<\/li>\n<\/ul>\n\n\n\n<p><\/p>\n<\/div>\n\n\n\n<div class=\"wp-block-group is-layout-grid wp-container-core-group-is-layout-478b6e6b wp-block-group-is-layout-grid\">\n<h3 class=\"wp-block-heading wp-container-content-69bc4bdf\">Expanded Museum Studies<\/h3>\n\n\n\n<ul class=\"wp-block-list\">\n<li><\/li>\n<\/ul>\n\n\n\n<p><\/p>\n<\/div>\n\n\n\n<div class=\"wp-block-group is-layout-grid wp-container-core-group-is-layout-478b6e6b wp-block-group-is-layout-grid\">\n<h3 class=\"wp-block-heading wp-container-content-69bc4bdf\">Experimental Game Cultures<\/h3>\n\n\n\n<ul class=\"wp-block-list\">\n<li><\/li>\n<\/ul>\n\n\n\n<p><\/p>\n<\/div>\n\n\n\n<div class=\"wp-block-group is-layout-grid wp-container-core-group-is-layout-478b6e6b wp-block-group-is-layout-grid\">\n<h3 class=\"wp-block-heading wp-container-content-69bc4bdf\">Industrial Design<\/h3>\n\n\n\n<ul class=\"wp-block-list\">\n<li><\/li>\n<\/ul>\n\n\n\n<p><\/p>\n<\/div>\n\n\n\n<div class=\"wp-block-group is-layout-grid wp-container-core-group-is-layout-478b6e6b wp-block-group-is-layout-grid\">\n<h3 class=\"wp-block-heading wp-container-content-69bc4bdf\">Lehramt<\/h3>\n\n\n\n<ul class=\"wp-block-list\">\n<li><\/li>\n<\/ul>\n\n\n\n<p><\/p>\n<\/div>\n\n\n\n<div class=\"wp-block-group is-layout-grid wp-container-core-group-is-layout-478b6e6b wp-block-group-is-layout-grid\">\n<h3 class=\"wp-block-heading wp-container-content-69bc4bdf\">Kunst &amp; Kulturwissenschaften<\/h3>\n\n\n\n<ul class=\"wp-block-list\">\n<li><\/li>\n<\/ul>\n\n\n\n<p><\/p>\n<\/div>\n\n\n\n<div class=\"wp-block-group is-layout-grid wp-container-core-group-is-layout-478b6e6b wp-block-group-is-layout-grid\">\n<h3 class=\"wp-block-heading wp-container-content-69bc4bdf\">Medienkunst<\/h3>\n\n\n\n<ul class=\"wp-block-list\">\n<li>Barbara Oberhuber<\/li>\n\n\n\n<li><strong>Marlene Stahl<\/strong><\/li>\n\n\n\n<li>Kevin Stadler<\/li>\n<\/ul>\n\n\n\n<p><\/p>\n<\/div>\n\n\n\n<div class=\"wp-block-group is-layout-grid wp-container-core-group-is-layout-478b6e6b wp-block-group-is-layout-grid\">\n<h3 class=\"wp-block-heading wp-container-content-69bc4bdf\">Konservierung + CHC<\/h3>\n\n\n\n<ul class=\"wp-block-list\">\n<li><\/li>\n<\/ul>\n\n\n\n<p><\/p>\n<\/div>\n\n\n\n<div class=\"wp-block-group is-layout-grid wp-container-core-group-is-layout-478b6e6b wp-block-group-is-layout-grid\">\n<h3 class=\"wp-block-heading wp-container-content-69bc4bdf\">Social Design<\/h3>\n\n\n\n<ul class=\"wp-block-list\">\n<li><\/li>\n<\/ul>\n\n\n\n<p><\/p>\n<\/div>\n\n\n\n<div class=\"wp-block-group is-layout-grid wp-container-core-group-is-layout-478b6e6b wp-block-group-is-layout-grid\">\n<h3 class=\"wp-block-heading wp-container-content-69bc4bdf\">Sprachkunst<\/h3>\n\n\n\n<ul class=\"wp-block-list\">\n<li><\/li>\n<\/ul>\n\n\n\n<p><\/p>\n<\/div>\n\n\n\n<div class=\"wp-block-group is-layout-grid wp-container-core-group-is-layout-478b6e6b wp-block-group-is-layout-grid\">\n<h3 class=\"wp-block-heading wp-container-content-69bc4bdf\">TransArts<\/h3>\n\n\n\n<ul class=\"wp-block-list\">\n<li><\/li>\n<\/ul>\n\n\n\n<p><\/p>\n<\/div>\n\n\n\n<div class=\"wp-block-group is-layout-grid wp-container-core-group-is-layout-478b6e6b wp-block-group-is-layout-grid\">\n<h3 class=\"wp-block-heading wp-container-content-69bc4bdf\">Transformation Studies<\/h3>\n\n\n\n<ul class=\"wp-block-list\">\n<li><\/li>\n<\/ul>\n\n\n\n<p><\/p>\n<\/div>\n<\/div>\n\n\n\n<p>* representative appointed by the UV according to <a href=\"https:\/\/www.ris.bka.gv.at\/NormDokument.wxe?Abfrage=Bundesnormen&amp;Gesetzesnummer=20008892&amp;FassungVom=2024-10-26&amp;Artikel=&amp;Paragraf=52&amp;Anlage=&amp;Uebergangsrecht=\" target=\"_blank\" rel=\"noreferrer noopener\">\u00a7 52 Abs. 4 HSG<\/a><\/p>\n\n\n\n<h2 class=\"wp-block-heading\">Kollegialorgane<\/h2>\n\n\n\n<p>Main members in bold:<\/p>\n\n\n\n<h3 class=\"wp-block-heading\">Senate<\/h3>\n\n\n\n<div class=\"wp-block-group is-layout-grid wp-container-core-group-is-layout-5076e72c wp-block-group-is-layout-grid\">\n<p class=\"wp-container-content-7fd912ad\"><strong>Iris C\u00eerlan<\/strong><\/p>\n\n\n\n<p><strong>Regina Karoutcherou<\/strong><\/p>\n\n\n\n<p><strong>Roman Prostejovsky<\/strong><\/p>\n\n\n\n<p><strong>Kevin Stadler<\/strong><\/p>\n\n\n\n<p>Esma Ahmedi<\/p>\n\n\n\n<p>Benjamin Laabmayr<\/p>\n\n\n\n<p>Paula Mudri<\/p>\n\n\n\n<p>Lotte Riemer<\/p>\n<\/div>\n\n\n\n<h3 class=\"wp-block-heading\">Studienkommissionen (StuKo)<\/h3>\n\n\n\n<p>The current list of members of the StuKos can be found on the <a href=\"https:\/\/www.dieangewandte.at\/universitaet\/organisation\/senat\" target=\"_blank\" rel=\"noreferrer noopener\">Senate website<\/a>.<\/p>\n\n\n\n<h3 class=\"wp-block-heading\">Working Group on Equal Treatment Issues (AKG)<\/h3>\n\n\n\n<p>The current list of members can be found on the <a href=\"https:\/\/www.dieangewandte.at\/gleichbehandlung\" target=\"_blank\" rel=\"noreferrer noopener\">AKG website<\/a>.<\/p>\n\n\n\n<h3 class=\"wp-block-heading\">Berufungskommissionen<\/h3>\n\n\n\n<ul class=\"wp-block-list\">\n<li>2026\/27 Zeichnung und Druckgrafik: Klara Hofinger, Julian Kadrnoschka<\/li>\n\n\n\n<li>2026 Digitalit\u00e4t, k\u00fcnstliche Intelligenz und maschinelles Lernen in den K\u00fcnsten: Kevin Mohammed, Luca Mussnig<\/li>\n\n\n\n<li>2024\/25 Fotografie: Roman Peter Prostejovsky, Gabriel Rozsa<\/li>\n\n\n\n<li>2024\/25 Kunsttheorie: Louisa Maria Stank, Meret Caderas<\/li>\n\n\n\n<li>2024\/25 Philosophie: Marius Fischer<\/li>\n\n\n\n<li>2024\/25 Architekturtheorie: Akashdeep Ravichandran<\/li>\n\n\n\n<li>2023\/24 Kulturwissenschaft: Lisa Marie Heuschober, Selia Marina Fischer, Adrian Jonas Haim<\/li>\n\n\n\n<li>2023\/24 Konservierung und Restaurierung: Anna Maria Rockenschaub<\/li>\n\n\n\n<li>2023\/24 Architekturentwurf 1: Marian Stein<\/li>\n\n\n\n<li>2023\/24 Architekturentwurf 2: Leon Mackowski, Anna Okhrimenko<\/li>\n\n\n\n<li>2022\/23 Sprachkunst: Regina Menke, Felicitas Prokopetz<\/li>\n\n\n\n<li>2022\/23 Digitale Kunst: Bokan Mohammad Assad, Jakob H\u00fctter, Luca Sabot<\/li>\n\n\n\n<li>2022\/23 Kunsttheorie: Quirin Babl<\/li>\n\n\n\n<li>2022\/23 Kunst und Kommunikative Praxis: Nargol Gharahshir, Joseph Knierzinger<\/li>\n\n\n\n<li>2022\/23 Textil \u2013 freie, angewandte und experimentelle k\u00fcnstlerische Gestaltung: Florian Gutmann, Aneta Luberda<\/li>\n\n\n\n<li>2022\/23 Architekturentwurf 3: Oliver Hamedinger, Jenny Niklasch<\/li>\n\n\n\n<li>2022\/23 Baukonstruktion: Eylul Icgoren, Oliver Hamedinger<\/li>\n\n\n\n<li>2022\/23 Geometrie: Max Kure, Rosa Sturm<\/li>\n\n\n\n<li>2022\/23 Mode: Pouran Parvizi, David Hopp<\/li>\n<\/ul>\n","protected":false},"excerpt":{"rendered":"<p>Democratic participation at the university thrives on the engagement of its students. Around 20 student representatives at the level of the university representation and another 80 or so in the study programme representatives and study commissions actively shape the university and are the first point of contact for students&#8217; concerns, questions, and ideas. On this [&hellip;]<\/p>\n","protected":false},"author":3,"featured_media":0,"parent":34,"menu_order":0,"comment_status":"closed","ping_status":"closed","template":"","meta":{"footnotes":""},"wf_page_folders":[26],"class_list":["post-272","page","type-page","status-publish","hentry"],"_links":{"self":[{"href":"https:\/\/temp.hufak.net\/en\/wp-json\/wp\/v2\/pages\/272","targetHints":{"allow":["GET"]}}],"collection":[{"href":"https:\/\/temp.hufak.net\/en\/wp-json\/wp\/v2\/pages"}],"about":[{"href":"https:\/\/temp.hufak.net\/en\/wp-json\/wp\/v2\/types\/page"}],"author":[{"embeddable":true,"href":"https:\/\/temp.hufak.net\/en\/wp-json\/wp\/v2\/users\/3"}],"replies":[{"embeddable":true,"href":"https:\/\/temp.hufak.net\/en\/wp-json\/wp\/v2\/comments?post=272"}],"version-history":[{"count":5,"href":"https:\/\/temp.hufak.net\/en\/wp-json\/wp\/v2\/pages\/272\/revisions"}],"predecessor-version":[{"id":690,"href":"https:\/\/temp.hufak.net\/en\/wp-json\/wp\/v2\/pages\/272\/revisions\/690"}],"up":[{"embeddable":true,"href":"https:\/\/temp.hufak.net\/en\/wp-json\/wp\/v2\/pages\/34"}],"wp:attachment":[{"href":"https:\/\/temp.hufak.net\/en\/wp-json\/wp\/v2\/media?parent=272"}],"wp:term":[{"taxonomy":"wf_page_folders","embeddable":true,"href":"https:\/\/temp.hufak.net\/en\/wp-json\/wp\/v2\/wf_page_folders?post=272"}],"curies":[{"name":"wp","href":"https:\/\/api.w.org\/{rel}","templated":true}]}}