{"id":524,"date":"2026-08-01T17:04:18","date_gmt":"2026-08-01T15:04:18","guid":{"rendered":"https:\/\/temp.hufak.net\/wer-ist-die-hufak\/"},"modified":"2026-08-03T13:23:40","modified_gmt":"2026-08-03T11:23:40","slug":"wer-ist-die-hufak","status":"publish","type":"page","link":"https:\/\/temp.hufak.net\/de\/studierendenvertretung\/wer-ist-die-hufak\/","title":{"rendered":"Wer ist die Hufak?"},"content":{"rendered":"\n<figure class=\"wp-block-image size-full\"><img loading=\"lazy\" decoding=\"async\" width=\"1024\" height=\"768\" src=\"https:\/\/temp.hufak.net\/wp-content\/uploads\/2026\/07\/image-1.png\" alt=\"\" class=\"wp-image-187\" srcset=\"https:\/\/temp.hufak.net\/wp-content\/uploads\/2026\/07\/image-1.png 1024w, https:\/\/temp.hufak.net\/wp-content\/uploads\/2026\/07\/image-1-300x225.png 300w, https:\/\/temp.hufak.net\/wp-content\/uploads\/2026\/07\/image-1-768x576.png 768w, https:\/\/temp.hufak.net\/wp-content\/uploads\/2026\/07\/image-1-16x12.png 16w\" sizes=\"auto, (max-width: 1024px) 100vw, 1024px\" \/><\/figure>\n\n<p>Die demokratische Teilhabe an der Universit\u00e4t lebt vom Engagement der Studierenden. Rund 20 Studierendenvertreter*innen auf Universit\u00e4tsebene und weitere etwa 80 in den Studienvertretungen und Studienkommissionen gestalten die Universit\u00e4t aktiv mit und sind die erste Anlaufstelle f\u00fcr Anliegen, Fragen und Ideen der Studierenden. <\/p>\n\n<p>Auf dieser Seite findest du ein aktuelles Verzeichnis aller gew\u00e4hlten und entsendeten Studierendenvertreter*innen. Mehr Informationen \u00fcber ihre Aufgaben, die Gremien sowie ihre Kontaktinformationen findest du unter <a href=\"\/?page_id=248\">Organisation<\/a>. <\/p>\n\n<div class=\"wp-block-group is-content-justification-right is-nowrap is-layout-flex wp-container-core-group-is-layout-17124a9a wp-block-group-is-layout-flex\">\n<p>Zuletzt aktualisiert:<\/p>\n\n\n<div class=\"wp-block-post-date__modified-date wp-block-post-date\"><time datetime=\"2026-08-03T13:23:40+02:00\">3. August 2026<\/time><\/div><\/div>\n\n<h2 class=\"wp-block-heading\" id=\"uv\">Universit\u00e4tsvertretung (UV)<\/h2>\n\n<p>Bei der letzten \u00d6H-Wahl 2025 ist auf der Ebene der Universit\u00e4tsvertretung nur eine Liste angetreten, folglich kommen alle 9 Mandatar*innen von dieser Liste.<\/p>\n\n<div class=\"wp-block-group is-layout-grid wp-container-core-group-is-layout-8da69725 wp-block-group-is-layout-grid\">\n<p>Benjamin Laabmayr<\/p>\n\n\n\n<p class=\"wp-container-content-22a8b0d6\">Erfan Khosravi<\/p>\n\n\n\n<p>Frederike Gordillo<\/p>\n\n\n\n<p class=\"wp-container-content-22a8b0d6\">Iris C\u00eerlan<\/p>\n\n\n\n<p class=\"wp-container-content-22a8b0d6\">Kevin Stadler<\/p>\n\n\n\n<p>Mathias Leberbauer<\/p>\n\n\n\n<p>Pasha Kogan<\/p>\n\n\n\n<p>Peter Fuchshuber<\/p>\n\n\n\n<p>Sara Anzola<\/p>\n<\/div>\n\n<h3 class=\"wp-block-heading\">Vorsitzteam<\/h3>\n\n<ul class=\"wp-block-list\">\n<li>Vorsitzender: Kevin Stadler<\/li>\n\n\n\n<li>1. stellvertretende Vorsitzende: Iris C\u00eerlan<\/li>\n\n\n\n<li>2. stellvertretender Vorsitzender: Erfan Khosravi<\/li>\n<\/ul>\n\n<h3 class=\"wp-block-heading\">Referate<\/h3>\n\n<p>Heads of departments in <strong>bold<\/strong>:<\/p>\n\n<div class=\"wp-block-group is-layout-grid wp-container-core-group-is-layout-bcb8ac2c wp-block-group-is-layout-grid\">\n<div class=\"wp-block-group is-layout-grid wp-container-core-group-is-layout-478b6e6b wp-block-group-is-layout-grid\">\n<h4 class=\"wp-block-heading wp-container-content-69bc4bdf\" id=\"bipol\">Education &amp; Politics (BiPol)<\/h4>\n\n\n\n<ul class=\"wp-block-list\">\n<li><strong>Branko Bekavac<\/strong><\/li>\n\n\n\n<li>Phin Anibal<\/li>\n<\/ul>\n\n\n\n<p><\/p>\n<\/div>\n\n\n\n<div class=\"wp-block-group is-layout-grid wp-container-core-group-is-layout-8da69725 wp-block-group-is-layout-grid\">\n<h4 class=\"wp-block-heading wp-container-content-22a8b0d6\">Kunst &amp; Theorie<\/h4>\n\n\n\n<ul class=\"wp-block-list\">\n<li><strong>Peter Fuchshuber<\/strong><\/li>\n\n\n\n<li>Frederike Gordillo<\/li>\n<\/ul>\n\n\n\n<p><\/p>\n<\/div>\n\n\n\n<div class=\"wp-block-group is-layout-grid wp-container-core-group-is-layout-478b6e6b wp-block-group-is-layout-grid\">\n<h4 class=\"wp-block-heading wp-container-content-69bc4bdf\">PR &amp; Social Media<\/h4>\n\n\n\n<ul class=\"wp-block-list\">\n<li><strong>Henriette Sonntag<\/strong><\/li>\n\n\n\n<li>David Obradovic<\/li>\n<\/ul>\n\n\n\n<p><\/p>\n<\/div>\n\n\n\n<div class=\"wp-block-group is-layout-grid wp-container-core-group-is-layout-478b6e6b wp-block-group-is-layout-grid\">\n<h4 class=\"wp-block-heading wp-container-content-69bc4bdf\">Intersektionaler Queerfeminismus<\/h4>\n\n\n\n<ul class=\"wp-block-list\">\n<li><strong>Fanny Dobler<\/strong><\/li>\n\n\n\n<li>Anna Rupp<\/li>\n<\/ul>\n\n\n\n<p><\/p>\n<\/div>\n\n\n\n<div class=\"wp-block-group is-layout-grid wp-container-core-group-is-layout-478b6e6b wp-block-group-is-layout-grid\">\n<h4 class=\"wp-block-heading wp-container-content-69bc4bdf\">Infrastruktur<\/h4>\n\n\n\n<ul class=\"wp-block-list\">\n<li><strong>Sascha Mandziuk<\/strong><\/li>\n\n\n\n<li>Sophie Loesch<\/li>\n<\/ul>\n\n\n\n<p><\/p>\n<\/div>\n\n\n\n<div class=\"wp-block-group is-layout-grid wp-container-core-group-is-layout-478b6e6b wp-block-group-is-layout-grid\">\n<h4 class=\"wp-block-heading wp-container-content-69bc4bdf\">Sozialreferat<\/h4>\n\n\n\n<ul class=\"wp-block-list\">\n<li><strong>Sara Anzola<\/strong><\/li>\n\n\n\n<li>Noah Destree<\/li>\n<\/ul>\n\n\n\n<p><\/p>\n<\/div>\n\n\n\n<div class=\"wp-block-group is-layout-grid wp-container-core-group-is-layout-478b6e6b wp-block-group-is-layout-grid\">\n<h4 class=\"wp-block-heading wp-container-content-69bc4bdf\">IT &amp; digital infrastructure<\/h4>\n\n\n\n<ul class=\"wp-block-list\">\n<li><strong>Kevin Mohammed<\/strong><\/li>\n<\/ul>\n\n\n\n<p><\/p>\n<\/div>\n\n\n\n<div class=\"wp-block-group is-layout-grid wp-container-core-group-is-layout-478b6e6b wp-block-group-is-layout-grid\">\n<h4 class=\"wp-block-heading wp-container-content-69bc4bdf\">Classism<\/h4>\n\n\n\n<ul class=\"wp-block-list\">\n<li><strong>Sara Karimi<\/strong><\/li>\n\n\n\n<li>Xavi Sosa<\/li>\n<\/ul>\n\n\n\n<p><\/p>\n<\/div>\n\n\n\n<div class=\"wp-block-group wp-container-content-d2eb3c98 is-layout-grid wp-container-core-group-is-layout-478b6e6b wp-block-group-is-layout-grid\">\n<h4 class=\"wp-block-heading wp-container-content-69bc4bdf\">Internationale Studierende<\/h4>\n\n\n\n<ul class=\"wp-block-list\">\n<li><strong>Pasha Kogan<\/strong><\/li>\n\n\n\n<li>Desmond Lee<\/li>\n\n\n\n<li>Diana Kho<\/li>\n<\/ul>\n\n\n\n<p><\/p>\n<\/div>\n\n\n\n<div class=\"wp-block-group is-layout-grid wp-container-core-group-is-layout-478b6e6b wp-block-group-is-layout-grid\">\n<h4 class=\"wp-block-heading wp-container-content-69bc4bdf\" id=\"wiref\">Wirtschaftsreferat<\/h4>\n\n\n\n<ul class=\"wp-block-list\">\n<li><strong>Mathias Leberbauer<\/strong><\/li>\n\n\n\n<li>Valentin Bauer<\/li>\n\n\n\n<li>Lenz Dreher<\/li>\n<\/ul>\n\n\n\n<p><\/p>\n<\/div>\n\n\n\n<p><\/p>\n\n\n\n<p><\/p>\n<\/div>\n\n<h2 class=\"wp-block-heading\">Studienvertretungen (StVs)<\/h2>\n\n<p>Die letzten Wahlergebnisse findest du auf der <a href=\"https:\/\/angewandte.at\/wahlkommission\">Webseite der Wahlkommission<\/a>.<\/p>\n\n<div class=\"wp-block-group is-layout-grid wp-container-core-group-is-layout-bcb8ac2c wp-block-group-is-layout-grid\">\n<div class=\"wp-block-group is-layout-grid wp-container-core-group-is-layout-bcb8ac2c wp-block-group-is-layout-grid\">\n<h3 class=\"wp-block-heading wp-container-content-d2eb3c98\">Architecture<\/h3>\n\n\n\n<ul class=\"wp-block-list\">\n<li><\/li>\n<\/ul>\n\n\n\n<p><\/p>\n<\/div>\n\n\n\n<div class=\"wp-block-group is-layout-grid wp-container-core-group-is-layout-478b6e6b wp-block-group-is-layout-grid\">\n<h3 class=\"wp-block-heading wp-container-content-69bc4bdf\">Art &amp; Science<\/h3>\n\n\n\n<ul class=\"wp-block-list\">\n<li>Phin Anibal *<\/li>\n<\/ul>\n\n\n\n<p><\/p>\n<\/div>\n\n\n\n<div class=\"wp-block-group is-layout-grid wp-container-core-group-is-layout-478b6e6b wp-block-group-is-layout-grid\">\n<h3 class=\"wp-block-heading wp-container-content-69bc4bdf\">Bildende Kunst<\/h3>\n\n\n\n<ul class=\"wp-block-list\">\n<li><\/li>\n<\/ul>\n\n\n\n<p><\/p>\n<\/div>\n\n\n\n<div class=\"wp-block-group is-layout-grid wp-container-core-group-is-layout-478b6e6b wp-block-group-is-layout-grid\">\n<h3 class=\"wp-block-heading wp-container-content-69bc4bdf\">B\u00fchnengestaltung<\/h3>\n\n\n\n<ul class=\"wp-block-list\">\n<li><\/li>\n<\/ul>\n\n\n\n<p><\/p>\n<\/div>\n\n\n\n<div class=\"wp-block-group is-layout-grid wp-container-core-group-is-layout-478b6e6b wp-block-group-is-layout-grid\">\n<h3 class=\"wp-block-heading wp-container-content-69bc4bdf\">Cross-Disciplinary Strategies<\/h3>\n\n\n\n<ul class=\"wp-block-list\">\n<li><\/li>\n<\/ul>\n\n\n\n<p><\/p>\n<\/div>\n\n\n\n<div class=\"wp-block-group is-layout-grid wp-container-core-group-is-layout-478b6e6b wp-block-group-is-layout-grid\">\n<h3 class=\"wp-block-heading wp-container-content-69bc4bdf\">Design (Diplom)<\/h3>\n\n\n\n<ul class=\"wp-block-list\">\n<li><\/li>\n<\/ul>\n\n\n\n<p><\/p>\n<\/div>\n\n\n\n<div class=\"wp-block-group is-layout-grid wp-container-core-group-is-layout-478b6e6b wp-block-group-is-layout-grid\">\n<h3 class=\"wp-block-heading wp-container-content-69bc4bdf\">Doktorat: k\u00fcnstlerische Forschung<\/h3>\n\n\n\n<ul class=\"wp-block-list\">\n<li><\/li>\n<\/ul>\n\n\n\n<p><\/p>\n<\/div>\n\n\n\n<div class=\"wp-block-group is-layout-grid wp-container-core-group-is-layout-478b6e6b wp-block-group-is-layout-grid\">\n<h3 class=\"wp-block-heading wp-container-content-69bc4bdf\">Doktorat: wissenschaftlich &amp; technisch<\/h3>\n\n\n\n<ul class=\"wp-block-list\">\n<li>Martina Lang *<\/li>\n<\/ul>\n\n\n\n<p><\/p>\n<\/div>\n\n\n\n<div class=\"wp-block-group is-layout-grid wp-container-core-group-is-layout-478b6e6b wp-block-group-is-layout-grid\">\n<h3 class=\"wp-block-heading wp-container-content-69bc4bdf\">Expanded Museum Studies<\/h3>\n\n\n\n<ul class=\"wp-block-list\">\n<li><\/li>\n<\/ul>\n\n\n\n<p><\/p>\n<\/div>\n\n\n\n<div class=\"wp-block-group is-layout-grid wp-container-core-group-is-layout-478b6e6b wp-block-group-is-layout-grid\">\n<h3 class=\"wp-block-heading wp-container-content-69bc4bdf\">Experimental Game Cultures<\/h3>\n\n\n\n<ul class=\"wp-block-list\">\n<li><\/li>\n<\/ul>\n\n\n\n<p><\/p>\n<\/div>\n\n\n\n<div class=\"wp-block-group is-layout-grid wp-container-core-group-is-layout-478b6e6b wp-block-group-is-layout-grid\">\n<h3 class=\"wp-block-heading wp-container-content-69bc4bdf\">Industrial Design<\/h3>\n\n\n\n<ul class=\"wp-block-list\">\n<li><\/li>\n<\/ul>\n\n\n\n<p><\/p>\n<\/div>\n\n\n\n<div class=\"wp-block-group is-layout-grid wp-container-core-group-is-layout-478b6e6b wp-block-group-is-layout-grid\">\n<h3 class=\"wp-block-heading wp-container-content-69bc4bdf\">Lehramt<\/h3>\n\n\n\n<ul class=\"wp-block-list\">\n<li><\/li>\n<\/ul>\n\n\n\n<p><\/p>\n<\/div>\n\n\n\n<div class=\"wp-block-group is-layout-grid wp-container-core-group-is-layout-478b6e6b wp-block-group-is-layout-grid\">\n<h3 class=\"wp-block-heading wp-container-content-69bc4bdf\">Kunst &amp; Kulturwissenschaften<\/h3>\n\n\n\n<ul class=\"wp-block-list\">\n<li><\/li>\n<\/ul>\n\n\n\n<p><\/p>\n<\/div>\n\n\n\n<div class=\"wp-block-group is-layout-grid wp-container-core-group-is-layout-478b6e6b wp-block-group-is-layout-grid\">\n<h3 class=\"wp-block-heading wp-container-content-69bc4bdf\">Medienkunst<\/h3>\n\n\n\n<ul class=\"wp-block-list\">\n<li>Barbara Oberhuber<\/li>\n\n\n\n<li><strong>Marlene Stahl<\/strong><\/li>\n\n\n\n<li>Kevin Stadler<\/li>\n<\/ul>\n\n\n\n<p><\/p>\n<\/div>\n\n\n\n<div class=\"wp-block-group is-layout-grid wp-container-core-group-is-layout-478b6e6b wp-block-group-is-layout-grid\">\n<h3 class=\"wp-block-heading wp-container-content-69bc4bdf\">Konservierung + CHC<\/h3>\n\n\n\n<ul class=\"wp-block-list\">\n<li><\/li>\n<\/ul>\n\n\n\n<p><\/p>\n<\/div>\n\n\n\n<div class=\"wp-block-group is-layout-grid wp-container-core-group-is-layout-478b6e6b wp-block-group-is-layout-grid\">\n<h3 class=\"wp-block-heading wp-container-content-69bc4bdf\">Social Design<\/h3>\n\n\n\n<ul class=\"wp-block-list\">\n<li><\/li>\n<\/ul>\n\n\n\n<p><\/p>\n<\/div>\n\n\n\n<div class=\"wp-block-group is-layout-grid wp-container-core-group-is-layout-478b6e6b wp-block-group-is-layout-grid\">\n<h3 class=\"wp-block-heading wp-container-content-69bc4bdf\">Sprachkunst<\/h3>\n\n\n\n<ul class=\"wp-block-list\">\n<li><\/li>\n<\/ul>\n\n\n\n<p><\/p>\n<\/div>\n\n\n\n<div class=\"wp-block-group is-layout-grid wp-container-core-group-is-layout-478b6e6b wp-block-group-is-layout-grid\">\n<h3 class=\"wp-block-heading wp-container-content-69bc4bdf\">TransArts<\/h3>\n\n\n\n<ul class=\"wp-block-list\">\n<li><\/li>\n<\/ul>\n\n\n\n<p><\/p>\n<\/div>\n\n\n\n<div class=\"wp-block-group is-layout-grid wp-container-core-group-is-layout-478b6e6b wp-block-group-is-layout-grid\">\n<h3 class=\"wp-block-heading wp-container-content-69bc4bdf\">Transformation Studies<\/h3>\n\n\n\n<ul class=\"wp-block-list\">\n<li><\/li>\n<\/ul>\n\n\n\n<p><\/p>\n<\/div>\n<\/div>\n\n<p>* durch die UV bestellte Vertreter*in nach <a href=\"https:\/\/www.ris.bka.gv.at\/NormDokument.wxe?Abfrage=Bundesnormen&amp;Gesetzesnummer=20008892&amp;FassungVom=2024-10-26&amp;Artikel=&amp;Paragraf=52&amp;Anlage=&amp;Uebergangsrecht=\" target=\"_blank\" rel=\"noreferrer noopener\">\u00a7 52 Abs. 4 HSG<\/a><\/p>\n\n<h2 class=\"wp-block-heading\">Kollegialorgane<\/h2>\n\n<p>Hauptmitglieder in bold<\/p>\n\n<h3 class=\"wp-block-heading\">Senat<\/h3>\n\n<div class=\"wp-block-group is-layout-grid wp-container-core-group-is-layout-5076e72c wp-block-group-is-layout-grid\">\n<p class=\"wp-container-content-7fd912ad\"><strong>Iris C\u00eerlan<\/strong><\/p>\n\n\n\n<p><strong>Regina Karoutcherou<\/strong><\/p>\n\n\n\n<p><strong>Roman Prostejovsky<\/strong><\/p>\n\n\n\n<p><strong>Kevin Stadler<\/strong><\/p>\n\n\n\n<p>Esma Ahmedi<\/p>\n\n\n\n<p>Benjamin Laabmayr<\/p>\n\n\n\n<p>Paula Mudri<\/p>\n\n\n\n<p>Lotte Riemer<\/p>\n<\/div>\n\n<h3 class=\"wp-block-heading\">Studienkommissionen (StuKo)<\/h3>\n\n<p>Die aktuelle Liste der StuKo-Mitglieder findest du auf der <a href=\"https:\/\/www.dieangewandte.at\/universitaet\/organisation\/senat\">Webseite des Senats<\/a>.<\/p>\n\n<h3 class=\"wp-block-heading\">Berufungskommissionen<\/h3>\n\n<ul class=\"wp-block-list\">\n<li>2026\/27 Zeichnung und Druckgrafik: Klara Hofinger, Julian Kadrnoschka<\/li>\n\n\n\n<li>2026 Digitalit\u00e4t, k\u00fcnstliche Intelligenz und maschinelles Lernen in den K\u00fcnsten: Kevin Mohammed, Luca Mussnig<\/li>\n\n\n\n<li>2024\/25 Fotografie: Roman Peter Prostejovsky, Gabriel Rozsa<\/li>\n\n\n\n<li>2024\/25 Kunsttheorie: Louisa Maria Stank, Meret Caderas<\/li>\n\n\n\n<li>2024\/25 Philosophie: Marius Fischer<\/li>\n\n\n\n<li>2024\/25 Architekturtheorie: Akashdeep Ravichandran<\/li>\n\n\n\n<li>2023\/24 Kulturwissenschaft: Lisa Marie Heuschober, Selia Marina Fischer, Adrian Jonas Haim<\/li>\n\n\n\n<li>2023\/24 Konservierung und Restaurierung: Anna Maria Rockenschaub<\/li>\n\n\n\n<li>2023\/24 Architekturentwurf 1: Marian Stein<\/li>\n\n\n\n<li>2023\/24 Architekturentwurf 2: Leon Mackowski, Anna Okhrimenko<\/li>\n\n\n\n<li>2022\/23 Sprachkunst: Regina Menke, Felicitas Prokopetz<\/li>\n\n\n\n<li>2022\/23 Digitale Kunst: Bokan Mohammad Assad, Jakob H\u00fctter, Luca Sabot<\/li>\n\n\n\n<li>2022\/23 Kunsttheorie: Quirin Babl<\/li>\n\n\n\n<li>2022\/23 Kunst und Kommunikative Praxis: Nargol Gharahshir, Joseph Knierzinger<\/li>\n\n\n\n<li>2022\/23 Textil \u2013 freie, angewandte und experimentelle k\u00fcnstlerische Gestaltung: Florian Gutmann, Aneta Luberda<\/li>\n\n\n\n<li>2022\/23 Architekturentwurf 3: Oliver Hamedinger, Jenny Niklasch<\/li>\n\n\n\n<li>2022\/23 Baukonstruktion: Eylul Icgoren, Oliver Hamedinger<\/li>\n\n\n\n<li>2022\/23 Geometrie: Max Kure, Rosa Sturm<\/li>\n\n\n\n<li>2022\/23 Mode: Pouran Parvizi, David Hopp<\/li>\n<\/ul>\n","protected":false},"excerpt":{"rendered":"<p>Die demokratische Teilhabe an der Universit\u00e4t lebt vom Engagement der Studierenden. Rund 20 Studierendenvertreter*innen auf Universit\u00e4tsebene und weitere etwa 80 in den Studienvertretungen und Studienkommissionen gestalten die Universit\u00e4t aktiv mit und sind die erste Anlaufstelle f\u00fcr Anliegen, Fragen und Ideen der Studierenden. Auf dieser Seite findest du ein aktuelles Verzeichnis aller gew\u00e4hlten und entsendeten Studierendenvertreter*innen. [&hellip;]<\/p>\n","protected":false},"author":3,"featured_media":0,"parent":526,"menu_order":0,"comment_status":"closed","ping_status":"closed","template":"","meta":{"footnotes":""},"wf_page_folders":[26],"class_list":["post-524","page","type-page","status-publish","hentry"],"_links":{"self":[{"href":"https:\/\/temp.hufak.net\/de\/wp-json\/wp\/v2\/pages\/524","targetHints":{"allow":["GET"]}}],"collection":[{"href":"https:\/\/temp.hufak.net\/de\/wp-json\/wp\/v2\/pages"}],"about":[{"href":"https:\/\/temp.hufak.net\/de\/wp-json\/wp\/v2\/types\/page"}],"author":[{"embeddable":true,"href":"https:\/\/temp.hufak.net\/de\/wp-json\/wp\/v2\/users\/3"}],"replies":[{"embeddable":true,"href":"https:\/\/temp.hufak.net\/de\/wp-json\/wp\/v2\/comments?post=524"}],"version-history":[{"count":1,"href":"https:\/\/temp.hufak.net\/de\/wp-json\/wp\/v2\/pages\/524\/revisions"}],"predecessor-version":[{"id":525,"href":"https:\/\/temp.hufak.net\/de\/wp-json\/wp\/v2\/pages\/524\/revisions\/525"}],"up":[{"embeddable":true,"href":"https:\/\/temp.hufak.net\/de\/wp-json\/wp\/v2\/pages\/526"}],"wp:attachment":[{"href":"https:\/\/temp.hufak.net\/de\/wp-json\/wp\/v2\/media?parent=524"}],"wp:term":[{"taxonomy":"wf_page_folders","embeddable":true,"href":"https:\/\/temp.hufak.net\/de\/wp-json\/wp\/v2\/wf_page_folders?post=524"}],"curies":[{"name":"wp","href":"https:\/\/api.w.org\/{rel}","templated":true}]}}